{"id":12116,"date":"2020-12-30T11:38:39","date_gmt":"2020-12-30T10:38:39","guid":{"rendered":"https:\/\/www.ametiszthotel.hu\/hotel-ametiszt-w-harkany\/"},"modified":"2020-12-30T14:59:05","modified_gmt":"2020-12-30T13:59:05","slug":"hotel-ametiszt-w-harkany","status":"publish","type":"page","link":"https:\/\/www.ametiszthotel.hu\/pl\/","title":{"rendered":"Hotel Ametiszt w Harkany"},"content":{"rendered":"<h2>Ametiszt Hotel Harkany wygodny,przyjazny, uroczy hotel w Harkanach po\u0142o\u017cony w odleg\u0142o\u015bci 250 metr\u00f3w od kompleksu basen\u00f3w termalnych i SPA<\/h2>\n<p><a href=\"\/pl\/ametiszt-hotel-harkany-galeria\/\"><img loading=\"lazy\" decoding=\"async\" class=\"designed aligncenter wp-image-8153 size-full\" src=\"https:\/\/www.ametiszthotel.hu\/wp-content\/uploads\/2010\/03\/ametiszt-hotel-harkany.avif\" alt=\"Ametiszt Hotel Harkany\" width=\"606\" height=\"372\" \/><\/a><\/p>\n<h3>Harkany Hotel Ametiszt: O nas<\/h3>\n<p>Miejscowo\u015b\u0107 Hark\u00e1ny na W\u0119grzech to miasto uzdrowiskowe z wod\u0105 cieplicow\u0105. Uzdrowisko rozpocz\u0119\u0142o swoj\u0105 dzia\u0142alno\u015b\u0107 leczniczo-turystyczn\u0105 180 lat temu i jest coraz bardziej atrakcyjne dla turyst\u00f3w. Gor\u0105ce \u017ar\u00f3d\u0142a termalne odkryli robotnicy wykonuj\u0105cy prace melioracyjne w miasteczku. Zauwa\u017cyli, \u017ce znaleziona woda cieplicowa ma dzia\u0142anie lecznicze. Od tego czasu Hark\u00e1ny jako miasto i \u0142a\u017ania miasta Hark\u00e1ny s\u0142usznie zas\u0142u\u017cy\u0142y na nazw\u0119 \u201eMekka Choruj\u0105cych na Reumatyzm\u201d. Przesz\u0142ych sto lat w leczeniu wod\u0105 cieplicow\u0105 zawieraj\u0105c\u0105 siarczan jest wspania\u0142ym dowodem wyj\u0105tkowej skuteczno\u015bci balneoterapeutycznej.<\/p>\n<h3>Zobacz film o miejscowo\u015bci Hark\u00e1ny i okolicy:<\/h3>\n<p><iframe loading=\"lazy\" title=\"Experience Hotel Ametiszt Harkany in South Hungary\" width=\"500\" height=\"281\" src=\"https:\/\/www.youtube.com\/embed\/PD5zquQ29mU?start=3&#038;feature=oembed\" frameborder=\"0\" allow=\"accelerometer; autoplay; clipboard-write; encrypted-media; gyroscope; picture-in-picture; web-share\" referrerpolicy=\"strict-origin-when-cross-origin\" allowfullscreen><\/iframe><\/p>\n<h3>Harkany Hotel Ametiszt:<\/h3>\n<p>Woda cieplicowa w Hark\u00e1ny sprzyja leczeniu i znacznemu polepszenie stanu zdrowia w przypadku chor\u00f3b reumaytcznych, ginekologicznych i dermatologicznych. Przyjemny klimat i czyste powietrze miasta Harkany, spok\u00f3j i pi\u0119kno okolicy, niezr\u00f3wnana woda cieplicowa, wina gatunkowe produkowane w Sikl\u00f3s i Vill\u00e1ny, wybitne miejsca do zwiedzania, oraz wspania\u0142a w\u0119gierska kuchnia sprawiaj\u0105, \u017ce sp\u0119dzone tu dni s\u0105 niezapomniane.<\/p>\n<p>Hotel Ametiszt *** zosta\u0142 otwarty w 2006 roku, po\u0142o\u017cony w centrum miasta , w cichej i spokojnej okolicy, w odleg\u0142o\u015bci 250 m od \u0141a\u017ani Cieplicowej. Na go\u015bci czekaj\u0105 nowoczesne i wygodne pokoje, umeblowane na wysokim poziomie w wi\u0119kszo\u015bci po\u0142\u0105czone z tarasem, oraz pi\u0119kny ogr\u00f3d. Przylegaj\u0105ca do hotelu Restauracja Ametiszt oferuje go\u015bciom specjalno\u015bci kuchni w\u0119gierskiej. W pobli\u017cu hotelu i na terenie \u0141a\u017ani jest szeroki wyb\u00f3r us\u0142ug balneoterapeutcznych i SPA (np. masa\u017c, sauna, k\u0105piel kwaso-w\u0119glowa, \u0142a\u017ania parowa, korty tenisowe oraz boisko sportowe).<\/p>\n<h3>Harkany Hotel Ametiszt: Zalecamy<\/h3>\n<ul>\n<li>Dla cierpi\u0105cych na reumatyzm<\/li>\n<li>Po przebytych operacjach ko\u0144czyn<\/li>\n<li>Dla cierpi\u0105cych na choroby ginekologiczne<\/li>\n<li>Dla ludzi zm\u0119czonych i wyczerpanych<\/li>\n<\/ul>\n<p>Przyjemny klimat i czyste powietrze miasta Harkany, spok\u00f3j i pi\u0119kno okolicy, niezr\u00f3wnana woda cieplicowa, wina gatunkowe produkowane w Sikl\u00f3s i Vill\u00e1ny, wybitne miejsca do zwiedzania, oraz wspania\u0142a w\u0119gierska kuchnia sprawiaj\u0105, \u017ce sp\u0119dzone tu dni s\u0105 niezapomniane.<\/p>\n<p><a href=\"\/pl\/harkany-galeria\/\"><img loading=\"lazy\" decoding=\"async\" class=\"aligncenter\" style=\"border: 0pt none\" src=\"\/wp-content\/uploads\/stories\/harkany-medence.jpg\" alt=\"Hark\u00e1ny medence\" width=\"530\" height=\"256\" border=\"0\" \/><\/a><\/p>\n<p>30.12.2020.\u00a0 Ametiszt Hotel Harkany<\/p>\n","protected":false},"excerpt":{"rendered":"<p>Ametiszt Hotel Harkany wygodny,przyjazny, uroczy hotel w Harkanach po\u0142o\u017cony w odleg\u0142o\u015bci 250 metr\u00f3w od kompleksu basen\u00f3w termalnych i SPA Harkany Hotel Ametiszt: O nas Miejscowo\u015b\u0107 Hark\u00e1ny na W\u0119grzech to miasto uzdrowiskowe z wod\u0105 cieplicow\u0105. Uzdrowisko rozpocz\u0119\u0142o swoj\u0105 dzia\u0142alno\u015b\u0107 leczniczo-turystyczn\u0105 180 lat temu i jest coraz bardziej atrakcyjne dla turyst\u00f3w. Gor\u0105ce \u017ar\u00f3d\u0142a termalne odkryli robotnicy wykonuj\u0105cy <a href=\"https:\/\/www.ametiszthotel.hu\/pl\/\"> [&hellip;]<\/a><\/p>\n","protected":false},"author":131,"featured_media":0,"parent":0,"menu_order":0,"comment_status":"closed","ping_status":"open","template":"","meta":{"_genesis_hide_title":false,"_genesis_hide_breadcrumbs":false,"_genesis_hide_singular_image":false,"_genesis_hide_footer_widgets":false,"_genesis_custom_body_class":"","_genesis_custom_post_class":"","_genesis_layout":"","footnotes":""},"class_list":["post-12116","page","type-page","status-publish","entry","has-post-thumbnail"],"yoast_head":"<!-- This site is optimized with the Yoast SEO Premium plugin  - https:\/\/yoast.com\/product\/yoast-seo-premium-wordpress\/ -->\n<title>Hotel Ametiszt w Harkany<\/title>\n<meta name=\"description\" content=\"Hotel Ametiszt w Harkany\" \/>\n<meta name=\"robots\" content=\"index, follow, max-snippet:-1, max-image-preview:large, max-video-preview:-1\" \/>\n<link rel=\"canonical\" href=\"https:\/\/www.ametiszthotel.hu\/pl\/\" \/>\n<meta property=\"og:locale\" content=\"pl_PL\" \/>\n<meta property=\"og:type\" content=\"article\" \/>\n<meta property=\"og:title\" content=\"Hotel Ametiszt w Harkany\" \/>\n<meta property=\"og:description\" content=\"Hotel Ametiszt w Harkany\" \/>\n<meta property=\"og:url\" content=\"https:\/\/www.ametiszthotel.hu\/pl\/\" \/>\n<meta property=\"og:site_name\" content=\"Ametiszt Hotel Hark\u00e1ny - Hark\u00e1ny Hotel - Hark\u00e1ny Sz\u00e1ll\u00e1s\" \/>\n<meta property=\"article:modified_time\" content=\"2020-12-30T13:59:05+00:00\" \/>\n<meta property=\"og:image\" content=\"https:\/\/www.ametiszthotel.hu\/wp-content\/uploads\/2010\/03\/ametiszt-hotel-harkany.jpg\" \/>\n<meta name=\"twitter:label1\" content=\"Szacowany czas czytania\" \/>\n\t<meta name=\"twitter:data1\" content=\"2 minutes\" \/>\n<script type=\"application\/ld+json\" class=\"yoast-schema-graph\">{\"@context\":\"https:\\\/\\\/schema.org\",\"@graph\":[{\"@type\":\"WebPage\",\"@id\":\"https:\\\/\\\/www.ametiszthotel.hu\\\/pl\\\/\",\"url\":\"https:\\\/\\\/www.ametiszthotel.hu\\\/pl\\\/\",\"name\":\"Hotel Ametiszt w Harkany\",\"isPartOf\":{\"@id\":\"https:\\\/\\\/www.ametiszthotel.hu\\\/pl\\\/#website\"},\"primaryImageOfPage\":{\"@id\":\"https:\\\/\\\/www.ametiszthotel.hu\\\/pl\\\/#primaryimage\"},\"image\":{\"@id\":\"https:\\\/\\\/www.ametiszthotel.hu\\\/pl\\\/#primaryimage\"},\"thumbnailUrl\":\"https:\\\/\\\/www.ametiszthotel.hu\\\/wp-content\\\/uploads\\\/2010\\\/03\\\/ametiszt-hotel-harkany.avif\",\"datePublished\":\"2020-12-30T10:38:39+00:00\",\"dateModified\":\"2020-12-30T13:59:05+00:00\",\"description\":\"Hotel Ametiszt w Harkany\",\"breadcrumb\":{\"@id\":\"https:\\\/\\\/www.ametiszthotel.hu\\\/pl\\\/#breadcrumb\"},\"inLanguage\":\"pl-PL\",\"potentialAction\":[{\"@type\":\"ReadAction\",\"target\":[\"https:\\\/\\\/www.ametiszthotel.hu\\\/pl\\\/\"]}]},{\"@type\":\"ImageObject\",\"inLanguage\":\"pl-PL\",\"@id\":\"https:\\\/\\\/www.ametiszthotel.hu\\\/pl\\\/#primaryimage\",\"url\":\"https:\\\/\\\/www.ametiszthotel.hu\\\/wp-content\\\/uploads\\\/2010\\\/03\\\/ametiszt-hotel-harkany.avif\",\"contentUrl\":\"https:\\\/\\\/www.ametiszthotel.hu\\\/wp-content\\\/uploads\\\/2010\\\/03\\\/ametiszt-hotel-harkany.avif\"},{\"@type\":\"BreadcrumbList\",\"@id\":\"https:\\\/\\\/www.ametiszthotel.hu\\\/pl\\\/#breadcrumb\",\"itemListElement\":[{\"@type\":\"ListItem\",\"position\":1,\"name\":\"Ametiszt Hotel Hark\u00e1ny\",\"item\":\"https:\\\/\\\/www.ametiszthotel.hu\\\/pl\\\/\"},{\"@type\":\"ListItem\",\"position\":2,\"name\":\"Hotel Ametiszt w Harkany\"}]},{\"@type\":\"WebSite\",\"@id\":\"https:\\\/\\\/www.ametiszthotel.hu\\\/pl\\\/#website\",\"url\":\"https:\\\/\\\/www.ametiszthotel.hu\\\/pl\\\/\",\"name\":\"Ametiszt Hotel Hark\u00e1ny - Hark\u00e1ny Hotel - Hark\u00e1ny Sz\u00e1ll\u00e1s\",\"description\":\"Hark\u00e1ny Hotel \u2013 Hark\u00e1ny Sz\u00e1ll\u00e1s\",\"publisher\":{\"@id\":\"https:\\\/\\\/www.ametiszthotel.hu\\\/pl\\\/#organization\"},\"potentialAction\":[{\"@type\":\"SearchAction\",\"target\":{\"@type\":\"EntryPoint\",\"urlTemplate\":\"https:\\\/\\\/www.ametiszthotel.hu\\\/pl\\\/?s={search_term_string}\"},\"query-input\":{\"@type\":\"PropertyValueSpecification\",\"valueRequired\":true,\"valueName\":\"search_term_string\"}}],\"inLanguage\":\"pl-PL\"},{\"@type\":\"Organization\",\"@id\":\"https:\\\/\\\/www.ametiszthotel.hu\\\/pl\\\/#organization\",\"name\":\"Ametiszt Hotel Hark\u00e1ny\",\"url\":\"https:\\\/\\\/www.ametiszthotel.hu\\\/pl\\\/\",\"logo\":{\"@type\":\"ImageObject\",\"inLanguage\":\"pl-PL\",\"@id\":\"https:\\\/\\\/www.ametiszthotel.hu\\\/pl\\\/#\\\/schema\\\/logo\\\/image\\\/\",\"url\":\"https:\\\/\\\/www.ametiszthotel.hu\\\/wp-content\\\/uploads\\\/2017\\\/10\\\/ametiszt-logo.jpg\",\"contentUrl\":\"https:\\\/\\\/www.ametiszthotel.hu\\\/wp-content\\\/uploads\\\/2017\\\/10\\\/ametiszt-logo.jpg\",\"width\":\"160\",\"height\":\"214\",\"caption\":\"Ametiszt Hotel Hark\u00e1ny\"},\"image\":{\"@id\":\"https:\\\/\\\/www.ametiszthotel.hu\\\/pl\\\/#\\\/schema\\\/logo\\\/image\\\/\"},\"email\":\"info@ametiszthotel.hu\",\"telephone\":\"+36-72-279-339\"}]}<\/script>\n<!-- \/ Yoast SEO Premium plugin. -->","yoast_head_json":{"title":"Hotel Ametiszt w Harkany","description":"Hotel Ametiszt w Harkany","robots":{"index":"index","follow":"follow","max-snippet":"max-snippet:-1","max-image-preview":"max-image-preview:large","max-video-preview":"max-video-preview:-1"},"canonical":"https:\/\/www.ametiszthotel.hu\/pl\/","og_locale":"pl_PL","og_type":"article","og_title":"Hotel Ametiszt w Harkany","og_description":"Hotel Ametiszt w Harkany","og_url":"https:\/\/www.ametiszthotel.hu\/pl\/","og_site_name":"Ametiszt Hotel Hark\u00e1ny - Hark\u00e1ny Hotel - Hark\u00e1ny Sz\u00e1ll\u00e1s","article_modified_time":"2020-12-30T13:59:05+00:00","og_image":[{"url":"https:\/\/www.ametiszthotel.hu\/wp-content\/uploads\/2010\/03\/ametiszt-hotel-harkany.jpg","type":"","width":"","height":""}],"twitter_misc":{"Szacowany czas czytania":"2 minutes"},"schema":{"@context":"https:\/\/schema.org","@graph":[{"@type":"WebPage","@id":"https:\/\/www.ametiszthotel.hu\/pl\/","url":"https:\/\/www.ametiszthotel.hu\/pl\/","name":"Hotel Ametiszt w Harkany","isPartOf":{"@id":"https:\/\/www.ametiszthotel.hu\/pl\/#website"},"primaryImageOfPage":{"@id":"https:\/\/www.ametiszthotel.hu\/pl\/#primaryimage"},"image":{"@id":"https:\/\/www.ametiszthotel.hu\/pl\/#primaryimage"},"thumbnailUrl":"https:\/\/www.ametiszthotel.hu\/wp-content\/uploads\/2010\/03\/ametiszt-hotel-harkany.avif","datePublished":"2020-12-30T10:38:39+00:00","dateModified":"2020-12-30T13:59:05+00:00","description":"Hotel Ametiszt w Harkany","breadcrumb":{"@id":"https:\/\/www.ametiszthotel.hu\/pl\/#breadcrumb"},"inLanguage":"pl-PL","potentialAction":[{"@type":"ReadAction","target":["https:\/\/www.ametiszthotel.hu\/pl\/"]}]},{"@type":"ImageObject","inLanguage":"pl-PL","@id":"https:\/\/www.ametiszthotel.hu\/pl\/#primaryimage","url":"https:\/\/www.ametiszthotel.hu\/wp-content\/uploads\/2010\/03\/ametiszt-hotel-harkany.avif","contentUrl":"https:\/\/www.ametiszthotel.hu\/wp-content\/uploads\/2010\/03\/ametiszt-hotel-harkany.avif"},{"@type":"BreadcrumbList","@id":"https:\/\/www.ametiszthotel.hu\/pl\/#breadcrumb","itemListElement":[{"@type":"ListItem","position":1,"name":"Ametiszt Hotel Hark\u00e1ny","item":"https:\/\/www.ametiszthotel.hu\/pl\/"},{"@type":"ListItem","position":2,"name":"Hotel Ametiszt w Harkany"}]},{"@type":"WebSite","@id":"https:\/\/www.ametiszthotel.hu\/pl\/#website","url":"https:\/\/www.ametiszthotel.hu\/pl\/","name":"Ametiszt Hotel Hark\u00e1ny - Hark\u00e1ny Hotel - Hark\u00e1ny Sz\u00e1ll\u00e1s","description":"Hark\u00e1ny Hotel \u2013 Hark\u00e1ny Sz\u00e1ll\u00e1s","publisher":{"@id":"https:\/\/www.ametiszthotel.hu\/pl\/#organization"},"potentialAction":[{"@type":"SearchAction","target":{"@type":"EntryPoint","urlTemplate":"https:\/\/www.ametiszthotel.hu\/pl\/?s={search_term_string}"},"query-input":{"@type":"PropertyValueSpecification","valueRequired":true,"valueName":"search_term_string"}}],"inLanguage":"pl-PL"},{"@type":"Organization","@id":"https:\/\/www.ametiszthotel.hu\/pl\/#organization","name":"Ametiszt Hotel Hark\u00e1ny","url":"https:\/\/www.ametiszthotel.hu\/pl\/","logo":{"@type":"ImageObject","inLanguage":"pl-PL","@id":"https:\/\/www.ametiszthotel.hu\/pl\/#\/schema\/logo\/image\/","url":"https:\/\/www.ametiszthotel.hu\/wp-content\/uploads\/2017\/10\/ametiszt-logo.jpg","contentUrl":"https:\/\/www.ametiszthotel.hu\/wp-content\/uploads\/2017\/10\/ametiszt-logo.jpg","width":"160","height":"214","caption":"Ametiszt Hotel Hark\u00e1ny"},"image":{"@id":"https:\/\/www.ametiszthotel.hu\/pl\/#\/schema\/logo\/image\/"},"email":"info@ametiszthotel.hu","telephone":"+36-72-279-339"}]}},"_links":{"self":[{"href":"https:\/\/www.ametiszthotel.hu\/pl\/wp-json\/wp\/v2\/pages\/12116","targetHints":{"allow":["GET"]}}],"collection":[{"href":"https:\/\/www.ametiszthotel.hu\/pl\/wp-json\/wp\/v2\/pages"}],"about":[{"href":"https:\/\/www.ametiszthotel.hu\/pl\/wp-json\/wp\/v2\/types\/page"}],"author":[{"embeddable":true,"href":"https:\/\/www.ametiszthotel.hu\/pl\/wp-json\/wp\/v2\/users\/131"}],"replies":[{"embeddable":true,"href":"https:\/\/www.ametiszthotel.hu\/pl\/wp-json\/wp\/v2\/comments?post=12116"}],"version-history":[{"count":2,"href":"https:\/\/www.ametiszthotel.hu\/pl\/wp-json\/wp\/v2\/pages\/12116\/revisions"}],"predecessor-version":[{"id":12783,"href":"https:\/\/www.ametiszthotel.hu\/pl\/wp-json\/wp\/v2\/pages\/12116\/revisions\/12783"}],"wp:attachment":[{"href":"https:\/\/www.ametiszthotel.hu\/pl\/wp-json\/wp\/v2\/media?parent=12116"}],"curies":[{"name":"wp","href":"https:\/\/api.w.org\/{rel}","templated":true}]}}