{"id":11616,"date":"2020-12-21T10:11:57","date_gmt":"2020-12-21T09:11:57","guid":{"rendered":"https:\/\/www.ametiszthotel.hu\/ametiszt-hotel-harkany-harkany-hotel-ubytovani-harkany\/"},"modified":"2021-04-07T13:54:37","modified_gmt":"2021-04-07T11:54:37","slug":"ametiszt-hotel-harkany-harkany-hotel-ubytovani-harkany","status":"publish","type":"page","link":"https:\/\/www.ametiszthotel.hu\/cs\/","title":{"rendered":"Ametiszt Hotel Hark\u00e1ny &#8211; Hark\u00e1ny Hotel, Ubytov\u00e1n\u00ed Hark\u00e1ny"},"content":{"rendered":"<h2>Hark\u00e1ny hotel Ametiszt<br \/>\nKr\u00e1sn\u00fd, rodinn\u00fd hotel bl\u00edzko l\u00e9\u010div\u00fdch l\u00e1zn\u00ed Hark\u00e1ny.<\/h2>\n<figure id=\"attachment_8150\" aria-describedby=\"caption-attachment-8150\" style=\"width: 606px\" class=\"wp-caption aligncenter\"><a href=\"\/cs\/ametiszt-hotel-harkany-galerie\/\"><img loading=\"lazy\" decoding=\"async\" class=\"designed wp-image-8150 size-full\" src=\"https:\/\/www.ametiszthotel.hu\/wp-content\/uploads\/2010\/03\/ametiszt-hotel-harkany.avif\" alt=\"Ametiszt hotel Hark\u00e1ny\" width=\"606\" height=\"372\" \/><\/a><figcaption id=\"caption-attachment-8150\" class=\"wp-caption-text\">Ametiszt Hotel Hark\u00e1ny<\/figcaption><\/figure>\n<p style=\"text-align: justify;\">Za\u010d\u00e1tky l\u00e1ze\u0148stv\u00ed ve m\u011bst\u011b Hark\u00e1ny (vyslovuje se Hark\u00e1\u0148) v Ma\u010farsku, kter\u00e9 se st\u00e1vaj\u00ed st\u00e1le zn\u00e1m\u011bj\u0161\u00edmi, se datuj\u00ed na obdob\u00ed p\u0159ed 180 lety. Blahod\u00e1rn\u00e9 \u00fa\u010dinky i l\u00e9\u010divou s\u00edlu zdej\u0161\u00edch pramen\u016f zjistili nejd\u0159\u00edve d\u011bln\u00edci pracuj\u00edc\u00ed na odvod\u0148ov\u00e1n\u00ed hark\u00e1nsk\u00fdch mo\u010d\u00e1l\u016f. M\u011bsto Hark\u00e1ny i tamn\u00ed l\u00e1zn\u011b si od t\u00e9 doby pr\u00e1vem vyslou\u017eily n\u00e1zev Mekka revmatik\u016f. Stalet\u00e1 minulost je d\u016fkazem toho, \u017ee v kategorii l\u00e9\u010div\u00fdch vod s obsahem s\u00edry disponuje tato voda t\u00e9m\u011b\u0159 jedine\u010dnou l\u00e9\u010debnou silou.<\/p>\n<h3>Pod\u00edvejte se na video o l\u00e1zn\u00edch Hark\u00e1ny a o okol\u00ed Hark\u00e1ny:<\/h3>\n<p><iframe loading=\"lazy\" title=\"Ametiszt Hotel Hark\u00e1ny - Bar\u00e1ts\u00e1gos hotel Hark\u00e1ny k\u00f6zpontj\u00e1ban\" width=\"500\" height=\"281\" src=\"https:\/\/www.youtube.com\/embed\/tGoVKxuNqxc?feature=oembed\" frameborder=\"0\" allow=\"accelerometer; autoplay; clipboard-write; encrypted-media; gyroscope; picture-in-picture; web-share\" referrerpolicy=\"strict-origin-when-cross-origin\" allowfullscreen><\/iframe><\/p>\n<p style=\"text-align: justify;\">Hark\u00e1\u0148sk\u00e1 l\u00e9\u010div\u00e1 voda zm\u00edr\u0148uje revmatick\u00e9 bolesti, pom\u00e1h\u00e1 p\u0159i bolestech pohybov\u00e9ho \u00fastroj\u00ed a kloub\u016f, gynekologick\u00fdch a ko\u017en\u00edch onemocn\u011bn\u00edch. P\u0159\u00edzniv\u00e9 klima, \u010dist\u00e9 ovzdu\u0161\u00ed, klidn\u00e9 okol\u00ed, jedine\u010dn\u00e1 l\u00e9\u010div\u00e1 voda l\u00e1zn\u00ed Hark\u00e1ny, v\u00fdborn\u00e1 v\u00edna oblasti Vill\u00e1ny a Sikl\u00f3s, pozoruhodnosti okol\u00ed a gastronomick\u00e9 z\u00e1\u017eitky \u010din\u00ed zde pro\u017eit\u00e9 dny nezapomenuteln\u00fdmi.<\/p>\n<p style=\"text-align: justify;\">Hotel Ametiszt***\u00a0 se nach\u00e1z\u00ed v centru m\u011bsta Hark\u00e1ny, ale p\u0159esto v tich\u00e9m a klidn\u00e9m m\u00edst\u011b, ve vzd\u00e1lenosti 250 m od l\u00e1zn\u00ed. S modern\u00edmi a na vysok\u00e9 \u00farovni za\u0159\u00edzen\u00fdmi pokoji (k v\u011bt\u0161in\u011b t\u011bchto pokoj\u016f pat\u0159\u00ed i terasa), s rozs\u00e1hlou a upravenou zahradou o\u010dek\u00e1v\u00e1 hosty tou\u017e\u00edc\u00ed po oddechu a rekreaci. K hotelu pat\u0159\u00ed i zahradn\u00ed restaurace Ametiszt, kter\u00e1 nab\u00edz\u00ed sv\u00fdm host\u016fm speciality ma\u010farsk\u00e9 kuchyn\u011b.<br \/>\nV bl\u00edzkosti hotelu a v l\u00e1zn\u00edch je tak\u00e9 \u0161irok\u00e1 nab\u00eddka ozdravn\u00fdch a welness slu\u017eeb (r\u016fzn\u00e9 mas\u00e1\u017ee, tenisov\u00e9 kurty, sportovn\u00ed h\u0159i\u0161t\u011b, sauna, perli\u010dkov\u00e1 koupel, parn\u00e1 koupel).<\/p>\n<h3>\u00a0Hark\u00e1ny hotel Ametiszt: Nab\u00eddka<\/h3>\n<ul>\n<li>Tr\u00e1p\u00ed V\u00e1s revmatick\u00e9 probl\u00e9my?<\/li>\n<li>Jste po operaci pohybov\u00e9ho \u00fastroj\u00ed<\/li>\n<li>Trp\u00edte gynekologickou chorobou?<\/li>\n<li>Nebo jste jednodu\u0161e vy\u010derpan\u00ed a unaven\u00ed?<\/li>\n<\/ul>\n<p style=\"text-align: justify;\">V tom p\u0159\u00edpad\u011b V\u00e1m l\u00e1zn\u011b Hark\u00e1ny nab\u00edzej\u00ed uzdraven\u00ed, oddech, relaxaci v klidn\u00e9m prost\u0159ed\u00ed s p\u0159\u00edjemn\u00fdm klimatem, \u010dist\u00fdm vzduchem a jedine\u010dnou l\u00e9\u010divou vodou. M\u016f\u017eete nav\u00edc ochutnat v\u00fdborn\u00e1 v\u00edna oblasti Vill\u00e1ny a Sikl\u00f3s, poznat zaj\u00edmavosti bl\u00edzk\u00e9ho okol\u00ed a pro\u017e\u00edt i \u0159adu gastronomick\u00fdch z\u00e1\u017eitk\u016f.<\/p>\n<p><a href=\"\/cs\/harkany\/\"><span style=\"color: #800000;\">Uk\u00e1zka m\u011bsta Hark\u00e1ny a\u00a0 term\u00e1ln\u00edch l\u00e1zn\u00ed Hark\u00e1ny<\/span><\/a><\/p>\n<p><a href=\"\/cs\/harkany-galerie\/\"><img loading=\"lazy\" decoding=\"async\" class=\"designed  aligncenter wp-image-9881 \" src=\"https:\/\/www.ametiszthotel.hu\/wp-content\/uploads\/2020\/11\/img-9875-1024x682.avif\" alt=\"\" width=\"534\" height=\"356\" \/><\/a><\/p>\n<p>12.21.2020.\u00a0 Ametiszt Hotel Hark\u00e1ny<\/p>\n","protected":false},"excerpt":{"rendered":"<p>Hark\u00e1ny hotel Ametiszt Kr\u00e1sn\u00fd, rodinn\u00fd hotel bl\u00edzko l\u00e9\u010div\u00fdch l\u00e1zn\u00ed Hark\u00e1ny. Za\u010d\u00e1tky l\u00e1ze\u0148stv\u00ed ve m\u011bst\u011b Hark\u00e1ny (vyslovuje se Hark\u00e1\u0148) v Ma\u010farsku, kter\u00e9 se st\u00e1vaj\u00ed st\u00e1le zn\u00e1m\u011bj\u0161\u00edmi, se datuj\u00ed na obdob\u00ed p\u0159ed 180 lety. Blahod\u00e1rn\u00e9 \u00fa\u010dinky i l\u00e9\u010divou s\u00edlu zdej\u0161\u00edch pramen\u016f zjistili nejd\u0159\u00edve d\u011bln\u00edci pracuj\u00edc\u00ed na odvod\u0148ov\u00e1n\u00ed hark\u00e1nsk\u00fdch mo\u010d\u00e1l\u016f. M\u011bsto Hark\u00e1ny i tamn\u00ed l\u00e1zn\u011b si od t\u00e9 <a href=\"https:\/\/www.ametiszthotel.hu\/cs\/\"> [&hellip;]<\/a><\/p>\n","protected":false},"author":131,"featured_media":0,"parent":0,"menu_order":0,"comment_status":"closed","ping_status":"open","template":"","meta":{"_genesis_hide_title":false,"_genesis_hide_breadcrumbs":false,"_genesis_hide_singular_image":false,"_genesis_hide_footer_widgets":false,"_genesis_custom_body_class":"","_genesis_custom_post_class":"","_genesis_layout":"","footnotes":""},"class_list":["post-11616","page","type-page","status-publish","entry","has-post-thumbnail"],"yoast_head":"<!-- This site is optimized with the Yoast SEO Premium plugin  - https:\/\/yoast.com\/product\/yoast-seo-premium-wordpress\/ -->\n<title>Ametiszt Hotel Hark\u00e1ny - Ma\u010farsko Harkany hotel - Ubytov\u00e1n\u00ed Hark\u00e1ny<\/title>\n<meta name=\"description\" content=\"Ma\u010farsko Harkany hotel - Ubytov\u00e1n\u00ed Hark\u00e1ny: Kr\u00e1sn\u00fd, rodinn\u00fd hotel bl\u00edzko l\u00e9\u010div\u00fdch l\u00e1zn\u00ed Hark\u00e1ny.\" \/>\n<meta name=\"robots\" content=\"index, follow, max-snippet:-1, max-image-preview:large, max-video-preview:-1\" \/>\n<link rel=\"canonical\" href=\"https:\/\/www.ametiszthotel.hu\/cs\/\" \/>\n<meta property=\"og:locale\" content=\"cs_CZ\" \/>\n<meta property=\"og:type\" content=\"article\" \/>\n<meta property=\"og:title\" content=\"Ametiszt Hotel Hark\u00e1ny - Hark\u00e1ny Hotel, Ubytov\u00e1n\u00ed Hark\u00e1ny\" \/>\n<meta property=\"og:description\" content=\"Ma\u010farsko Harkany hotel - Ubytov\u00e1n\u00ed Hark\u00e1ny: Kr\u00e1sn\u00fd, rodinn\u00fd hotel bl\u00edzko l\u00e9\u010div\u00fdch l\u00e1zn\u00ed Hark\u00e1ny.\" \/>\n<meta property=\"og:url\" content=\"https:\/\/www.ametiszthotel.hu\/cs\/\" \/>\n<meta property=\"og:site_name\" content=\"Ametiszt Hotel Hark\u00e1ny - Hark\u00e1ny Hotel - Hark\u00e1ny Sz\u00e1ll\u00e1s\" \/>\n<meta property=\"article:modified_time\" content=\"2021-04-07T11:54:37+00:00\" \/>\n<meta property=\"og:image\" content=\"https:\/\/www.ametiszthotel.hu\/wp-content\/uploads\/2010\/03\/ametiszt-hotel-harkany.jpg\" \/>\n<meta name=\"twitter:label1\" content=\"Odhadovan\u00e1 doba \u010dten\u00ed\" \/>\n\t<meta name=\"twitter:data1\" content=\"2 minutes\" \/>\n<script type=\"application\/ld+json\" class=\"yoast-schema-graph\">{\"@context\":\"https:\\\/\\\/schema.org\",\"@graph\":[{\"@type\":\"WebPage\",\"@id\":\"https:\\\/\\\/www.ametiszthotel.hu\\\/cs\\\/\",\"url\":\"https:\\\/\\\/www.ametiszthotel.hu\\\/cs\\\/\",\"name\":\"Ametiszt Hotel Hark\u00e1ny - Ma\u010farsko Harkany hotel - Ubytov\u00e1n\u00ed Hark\u00e1ny\",\"isPartOf\":{\"@id\":\"https:\\\/\\\/www.ametiszthotel.hu\\\/cs\\\/#website\"},\"primaryImageOfPage\":{\"@id\":\"https:\\\/\\\/www.ametiszthotel.hu\\\/cs\\\/#primaryimage\"},\"image\":{\"@id\":\"https:\\\/\\\/www.ametiszthotel.hu\\\/cs\\\/#primaryimage\"},\"thumbnailUrl\":\"https:\\\/\\\/www.ametiszthotel.hu\\\/wp-content\\\/uploads\\\/2010\\\/03\\\/ametiszt-hotel-harkany.avif\",\"datePublished\":\"2020-12-21T09:11:57+00:00\",\"dateModified\":\"2021-04-07T11:54:37+00:00\",\"description\":\"Ma\u010farsko Harkany hotel - Ubytov\u00e1n\u00ed Hark\u00e1ny: Kr\u00e1sn\u00fd, rodinn\u00fd hotel bl\u00edzko l\u00e9\u010div\u00fdch l\u00e1zn\u00ed Hark\u00e1ny.\",\"breadcrumb\":{\"@id\":\"https:\\\/\\\/www.ametiszthotel.hu\\\/cs\\\/#breadcrumb\"},\"inLanguage\":\"cs-CZ\",\"potentialAction\":[{\"@type\":\"ReadAction\",\"target\":[\"https:\\\/\\\/www.ametiszthotel.hu\\\/cs\\\/\"]}]},{\"@type\":\"ImageObject\",\"inLanguage\":\"cs-CZ\",\"@id\":\"https:\\\/\\\/www.ametiszthotel.hu\\\/cs\\\/#primaryimage\",\"url\":\"https:\\\/\\\/www.ametiszthotel.hu\\\/wp-content\\\/uploads\\\/2010\\\/03\\\/ametiszt-hotel-harkany.avif\",\"contentUrl\":\"https:\\\/\\\/www.ametiszthotel.hu\\\/wp-content\\\/uploads\\\/2010\\\/03\\\/ametiszt-hotel-harkany.avif\"},{\"@type\":\"BreadcrumbList\",\"@id\":\"https:\\\/\\\/www.ametiszthotel.hu\\\/cs\\\/#breadcrumb\",\"itemListElement\":[{\"@type\":\"ListItem\",\"position\":1,\"name\":\"Ametiszt Hotel Hark\u00e1ny\",\"item\":\"https:\\\/\\\/www.ametiszthotel.hu\\\/cs\\\/\"},{\"@type\":\"ListItem\",\"position\":2,\"name\":\"Ametiszt Hotel Hark\u00e1ny &#8211; Hark\u00e1ny Hotel, Ubytov\u00e1n\u00ed Hark\u00e1ny\"}]},{\"@type\":\"WebSite\",\"@id\":\"https:\\\/\\\/www.ametiszthotel.hu\\\/cs\\\/#website\",\"url\":\"https:\\\/\\\/www.ametiszthotel.hu\\\/cs\\\/\",\"name\":\"Ametiszt Hotel Hark\u00e1ny - Hark\u00e1ny Hotel - Hark\u00e1ny Sz\u00e1ll\u00e1s\",\"description\":\"Hark\u00e1ny Hotel \u2013 Hark\u00e1ny Sz\u00e1ll\u00e1s\",\"publisher\":{\"@id\":\"https:\\\/\\\/www.ametiszthotel.hu\\\/cs\\\/#organization\"},\"potentialAction\":[{\"@type\":\"SearchAction\",\"target\":{\"@type\":\"EntryPoint\",\"urlTemplate\":\"https:\\\/\\\/www.ametiszthotel.hu\\\/cs\\\/?s={search_term_string}\"},\"query-input\":{\"@type\":\"PropertyValueSpecification\",\"valueRequired\":true,\"valueName\":\"search_term_string\"}}],\"inLanguage\":\"cs-CZ\"},{\"@type\":\"Organization\",\"@id\":\"https:\\\/\\\/www.ametiszthotel.hu\\\/cs\\\/#organization\",\"name\":\"Ametiszt Hotel Hark\u00e1ny\",\"url\":\"https:\\\/\\\/www.ametiszthotel.hu\\\/cs\\\/\",\"logo\":{\"@type\":\"ImageObject\",\"inLanguage\":\"cs-CZ\",\"@id\":\"https:\\\/\\\/www.ametiszthotel.hu\\\/cs\\\/#\\\/schema\\\/logo\\\/image\\\/\",\"url\":\"https:\\\/\\\/www.ametiszthotel.hu\\\/wp-content\\\/uploads\\\/2017\\\/10\\\/ametiszt-logo.jpg\",\"contentUrl\":\"https:\\\/\\\/www.ametiszthotel.hu\\\/wp-content\\\/uploads\\\/2017\\\/10\\\/ametiszt-logo.jpg\",\"width\":\"160\",\"height\":\"214\",\"caption\":\"Ametiszt Hotel Hark\u00e1ny\"},\"image\":{\"@id\":\"https:\\\/\\\/www.ametiszthotel.hu\\\/cs\\\/#\\\/schema\\\/logo\\\/image\\\/\"},\"email\":\"info@ametiszthotel.hu\",\"telephone\":\"+36-72-279-339\"}]}<\/script>\n<!-- \/ Yoast SEO Premium plugin. -->","yoast_head_json":{"title":"Ametiszt Hotel Hark\u00e1ny - Ma\u010farsko Harkany hotel - Ubytov\u00e1n\u00ed Hark\u00e1ny","description":"Ma\u010farsko Harkany hotel - Ubytov\u00e1n\u00ed Hark\u00e1ny: Kr\u00e1sn\u00fd, rodinn\u00fd hotel bl\u00edzko l\u00e9\u010div\u00fdch l\u00e1zn\u00ed Hark\u00e1ny.","robots":{"index":"index","follow":"follow","max-snippet":"max-snippet:-1","max-image-preview":"max-image-preview:large","max-video-preview":"max-video-preview:-1"},"canonical":"https:\/\/www.ametiszthotel.hu\/cs\/","og_locale":"cs_CZ","og_type":"article","og_title":"Ametiszt Hotel Hark\u00e1ny - Hark\u00e1ny Hotel, Ubytov\u00e1n\u00ed Hark\u00e1ny","og_description":"Ma\u010farsko Harkany hotel - Ubytov\u00e1n\u00ed Hark\u00e1ny: Kr\u00e1sn\u00fd, rodinn\u00fd hotel bl\u00edzko l\u00e9\u010div\u00fdch l\u00e1zn\u00ed Hark\u00e1ny.","og_url":"https:\/\/www.ametiszthotel.hu\/cs\/","og_site_name":"Ametiszt Hotel Hark\u00e1ny - Hark\u00e1ny Hotel - Hark\u00e1ny Sz\u00e1ll\u00e1s","article_modified_time":"2021-04-07T11:54:37+00:00","og_image":[{"url":"https:\/\/www.ametiszthotel.hu\/wp-content\/uploads\/2010\/03\/ametiszt-hotel-harkany.jpg","type":"","width":"","height":""}],"twitter_misc":{"Odhadovan\u00e1 doba \u010dten\u00ed":"2 minutes"},"schema":{"@context":"https:\/\/schema.org","@graph":[{"@type":"WebPage","@id":"https:\/\/www.ametiszthotel.hu\/cs\/","url":"https:\/\/www.ametiszthotel.hu\/cs\/","name":"Ametiszt Hotel Hark\u00e1ny - Ma\u010farsko Harkany hotel - Ubytov\u00e1n\u00ed Hark\u00e1ny","isPartOf":{"@id":"https:\/\/www.ametiszthotel.hu\/cs\/#website"},"primaryImageOfPage":{"@id":"https:\/\/www.ametiszthotel.hu\/cs\/#primaryimage"},"image":{"@id":"https:\/\/www.ametiszthotel.hu\/cs\/#primaryimage"},"thumbnailUrl":"https:\/\/www.ametiszthotel.hu\/wp-content\/uploads\/2010\/03\/ametiszt-hotel-harkany.avif","datePublished":"2020-12-21T09:11:57+00:00","dateModified":"2021-04-07T11:54:37+00:00","description":"Ma\u010farsko Harkany hotel - Ubytov\u00e1n\u00ed Hark\u00e1ny: Kr\u00e1sn\u00fd, rodinn\u00fd hotel bl\u00edzko l\u00e9\u010div\u00fdch l\u00e1zn\u00ed Hark\u00e1ny.","breadcrumb":{"@id":"https:\/\/www.ametiszthotel.hu\/cs\/#breadcrumb"},"inLanguage":"cs-CZ","potentialAction":[{"@type":"ReadAction","target":["https:\/\/www.ametiszthotel.hu\/cs\/"]}]},{"@type":"ImageObject","inLanguage":"cs-CZ","@id":"https:\/\/www.ametiszthotel.hu\/cs\/#primaryimage","url":"https:\/\/www.ametiszthotel.hu\/wp-content\/uploads\/2010\/03\/ametiszt-hotel-harkany.avif","contentUrl":"https:\/\/www.ametiszthotel.hu\/wp-content\/uploads\/2010\/03\/ametiszt-hotel-harkany.avif"},{"@type":"BreadcrumbList","@id":"https:\/\/www.ametiszthotel.hu\/cs\/#breadcrumb","itemListElement":[{"@type":"ListItem","position":1,"name":"Ametiszt Hotel Hark\u00e1ny","item":"https:\/\/www.ametiszthotel.hu\/cs\/"},{"@type":"ListItem","position":2,"name":"Ametiszt Hotel Hark\u00e1ny &#8211; Hark\u00e1ny Hotel, Ubytov\u00e1n\u00ed Hark\u00e1ny"}]},{"@type":"WebSite","@id":"https:\/\/www.ametiszthotel.hu\/cs\/#website","url":"https:\/\/www.ametiszthotel.hu\/cs\/","name":"Ametiszt Hotel Hark\u00e1ny - Hark\u00e1ny Hotel - Hark\u00e1ny Sz\u00e1ll\u00e1s","description":"Hark\u00e1ny Hotel \u2013 Hark\u00e1ny Sz\u00e1ll\u00e1s","publisher":{"@id":"https:\/\/www.ametiszthotel.hu\/cs\/#organization"},"potentialAction":[{"@type":"SearchAction","target":{"@type":"EntryPoint","urlTemplate":"https:\/\/www.ametiszthotel.hu\/cs\/?s={search_term_string}"},"query-input":{"@type":"PropertyValueSpecification","valueRequired":true,"valueName":"search_term_string"}}],"inLanguage":"cs-CZ"},{"@type":"Organization","@id":"https:\/\/www.ametiszthotel.hu\/cs\/#organization","name":"Ametiszt Hotel Hark\u00e1ny","url":"https:\/\/www.ametiszthotel.hu\/cs\/","logo":{"@type":"ImageObject","inLanguage":"cs-CZ","@id":"https:\/\/www.ametiszthotel.hu\/cs\/#\/schema\/logo\/image\/","url":"https:\/\/www.ametiszthotel.hu\/wp-content\/uploads\/2017\/10\/ametiszt-logo.jpg","contentUrl":"https:\/\/www.ametiszthotel.hu\/wp-content\/uploads\/2017\/10\/ametiszt-logo.jpg","width":"160","height":"214","caption":"Ametiszt Hotel Hark\u00e1ny"},"image":{"@id":"https:\/\/www.ametiszthotel.hu\/cs\/#\/schema\/logo\/image\/"},"email":"info@ametiszthotel.hu","telephone":"+36-72-279-339"}]}},"_links":{"self":[{"href":"https:\/\/www.ametiszthotel.hu\/cs\/wp-json\/wp\/v2\/pages\/11616","targetHints":{"allow":["GET"]}}],"collection":[{"href":"https:\/\/www.ametiszthotel.hu\/cs\/wp-json\/wp\/v2\/pages"}],"about":[{"href":"https:\/\/www.ametiszthotel.hu\/cs\/wp-json\/wp\/v2\/types\/page"}],"author":[{"embeddable":true,"href":"https:\/\/www.ametiszthotel.hu\/cs\/wp-json\/wp\/v2\/users\/131"}],"replies":[{"embeddable":true,"href":"https:\/\/www.ametiszthotel.hu\/cs\/wp-json\/wp\/v2\/comments?post=11616"}],"version-history":[{"count":1,"href":"https:\/\/www.ametiszthotel.hu\/cs\/wp-json\/wp\/v2\/pages\/11616\/revisions"}],"predecessor-version":[{"id":12900,"href":"https:\/\/www.ametiszthotel.hu\/cs\/wp-json\/wp\/v2\/pages\/11616\/revisions\/12900"}],"wp:attachment":[{"href":"https:\/\/www.ametiszthotel.hu\/cs\/wp-json\/wp\/v2\/media?parent=11616"}],"curies":[{"name":"wp","href":"https:\/\/api.w.org\/{rel}","templated":true}]}}